{"id":440,"date":"2023-10-19T20:16:16","date_gmt":"2023-10-19T18:16:16","guid":{"rendered":"https:\/\/aguilarpsicologos.com\/?page_id=440"},"modified":"2024-01-09T14:11:24","modified_gmt":"2024-01-09T13:11:24","slug":"depresion","status":"publish","type":"page","link":"https:\/\/aguilarpsicologos.com\/index.php\/style-guide\/depresion\/","title":{"rendered":"DEPRESI\u00d3N"},"content":{"rendered":"\n<p>La depresi\u00f3n es un problema con un gran impacto psicosocial. Suele originarse como consecuencia de la incapacidad para resolver, de un modo adecuado, los problemas. Cuando estos persisten y no tenemos estrategias efectivas para abordarlos nos puede llevar a una situaci\u00f3n de pasividad y de entrega.<\/p>\n\n\n\n<p>La depresi\u00f3n presenta un complejo s\u00edndrome con numerosos y variados s\u00edntomas de car\u00e1cter fisiol\u00f3gico, cognitivo, afectivo y comportamental como puede ser:<\/p>\n\n\n\n<p>Sentirse triste, vac\u00edo, sin esperanzas, perdida de inter\u00e9s o placer en las actividades, falta de energ\u00eda, problemas de alimentaci\u00f3n y\/o de sue\u00f1o, no ser capaz de concentrarse, ideas suicidas.<\/p>\n\n\n\n<p>Estos s\u00edntomas, que no tienen que ser todos, provocan malestar significativo o deterioro en el \u00e1mbito familiar, social, laboral u otras \u00e1reas importantes del funcionamiento.<\/p>\n\n\n\n<p><strong>Tratamiento.<\/strong><\/p>\n\n\n\n<p>La eficacia y utilidad de la terapia de conducta est\u00e1 ampliamente reconocida en el tratamiento de la depresi\u00f3n. El tratamiento cognitivo conductual es el recurso mas recomendado para este tipo de problemas. Los objetivos en t\u00e9rminos generales ser\u00edan: recuperar las actividades habituales que realizaba antes y resolver los problemas de una forma activa y adaptativa. Para ello se modifica pensamientos autom\u00e1ticos, atribuciones, expectativas, esquemas, etc. Aumento de la actividad y mejora del estado de \u00e1nimo.<\/p>\n\n\n\n<p>El tratamiento de la depresi\u00f3n depende de la evaluaci\u00f3n realizada a la persona, de los recursos, pensamientos y estrategias de cada persona. Dependiendo del an\u00e1lisis funcional de la conducta, se decide que tratamiento es mas conveniente para cada persona.<\/p>\n\n\n\n<p>Autor: Jose Manuel Aguilar Melchor. Psic\u00f3logo Sanitario.<\/p>\n","protected":false},"excerpt":{"rendered":"<p>La depresi\u00f3n es un problema con un gran impacto psicosocial. Suele originarse como consecuencia de la incapacidad para resolver, de un modo adecuado, los problemas. Cuando estos persisten y no tenemos estrategias efectivas para abordarlos nos puede llevar a una situaci\u00f3n de pasividad y de entrega. La depresi\u00f3n presenta un complejo s\u00edndrome con numerosos y &hellip; <\/p>\n","protected":false},"author":1,"featured_media":411,"parent":206,"menu_order":0,"comment_status":"closed","ping_status":"closed","template":"","meta":{"footnotes":""},"class_list":["post-440","page","type-page","status-publish","has-post-thumbnail","hentry"],"_links":{"self":[{"href":"https:\/\/aguilarpsicologos.com\/index.php\/wp-json\/wp\/v2\/pages\/440","targetHints":{"allow":["GET"]}}],"collection":[{"href":"https:\/\/aguilarpsicologos.com\/index.php\/wp-json\/wp\/v2\/pages"}],"about":[{"href":"https:\/\/aguilarpsicologos.com\/index.php\/wp-json\/wp\/v2\/types\/page"}],"author":[{"embeddable":true,"href":"https:\/\/aguilarpsicologos.com\/index.php\/wp-json\/wp\/v2\/users\/1"}],"replies":[{"embeddable":true,"href":"https:\/\/aguilarpsicologos.com\/index.php\/wp-json\/wp\/v2\/comments?post=440"}],"version-history":[{"count":4,"href":"https:\/\/aguilarpsicologos.com\/index.php\/wp-json\/wp\/v2\/pages\/440\/revisions"}],"predecessor-version":[{"id":585,"href":"https:\/\/aguilarpsicologos.com\/index.php\/wp-json\/wp\/v2\/pages\/440\/revisions\/585"}],"up":[{"embeddable":true,"href":"https:\/\/aguilarpsicologos.com\/index.php\/wp-json\/wp\/v2\/pages\/206"}],"wp:featuredmedia":[{"embeddable":true,"href":"https:\/\/aguilarpsicologos.com\/index.php\/wp-json\/wp\/v2\/media\/411"}],"wp:attachment":[{"href":"https:\/\/aguilarpsicologos.com\/index.php\/wp-json\/wp\/v2\/media?parent=440"}],"curies":[{"name":"wp","href":"https:\/\/api.w.org\/{rel}","templated":true}]}}